{"id":48611,"date":"2019-09-26T10:29:27","date_gmt":"2019-09-26T10:29:27","guid":{"rendered":"https:\/\/iconproducts.com\/gq-entrevista-a-jorge-rubin\/"},"modified":"2020-01-30T16:44:24","modified_gmt":"2020-01-30T16:44:24","slug":"gq-interviews-jorge-rubin","status":"publish","type":"page","link":"https:\/\/iconproducts.com\/fr\/gq-interviews-jorge-rubin\/","title":{"rendered":"GQ s&rsquo;entretient avec Jorge Rub\u00edn"},"content":{"rendered":"<p>[vc_row][vc_column]<div class=\"dfd-spacer-module\"  data-units=\"px\" data-wide_resolution=\"1280\" data-wide_size=\"51\" data-normal_resolution=\"1024\" data-normal_size=\"51\" data-tablet_resolution=\"800\" data-tablet_size=\"51\" data-mobile_resolution=\"480\" data-mobile_size=\"51\" style=\"height: 51px;\"><\/div><div class=\"dfd-heading-shortcode\"><div class=\"dfd-heading-module-wrap  text-center style_01 dfd-heading-69f0f83b2bbbb dfd-disable-resposive-headings\" id=\"dfd-heading-69f0f83b2bbbb\" ><div class=\"inline-block\"><div class=\"dfd-heading-module\"><h1 class=\"widget-title dfd-title \" style=\"\"><strong>GQ s<\/strong>&lsquo; entretient avec<strong> Jorge Rub\u00edn<\/strong><\/h1><div class=\"dfd-heading-delimiter\"><\/div><\/div><\/div><\/div><script type=\"text\/javascript\">\n\t\t\t\t\t\t\t\t\t(function($) {\n\t\t\t\t\t\t\t\t\t\t$(\"head\").append(\"<style>.dfd-heading-69f0f83b2bbbb.dfd-heading-module-wrap .dfd-heading-module .dfd-heading-delimiter {border-bottom-style:solid;border-bottom-width:1px;width:100px;border-bottom-color:#dddddd;}.dfd-heading-69f0f83b2bbbb.dfd-heading-module-wrap .dfd-heading-module .dfd-heading-delimiter {margin-top:10px;margin-bottom:10px;}<\/style>\");\n\t\t\t\t\t\t\t\t\t})(jQuery);\n\t\t\t\t\t\t\t\t<\/script><\/div><div class=\"dfd-spacer-module\"  data-units=\"px\" data-wide_resolution=\"1280\" data-wide_size=\"30\" data-normal_resolution=\"1024\" data-normal_size=\"30\" data-tablet_resolution=\"800\" data-tablet_size=\"30\" data-mobile_resolution=\"480\" data-mobile_size=\"30\" style=\"height: 30px;\"><\/div>[vc_column_text]<\/p>\n<p style=\"text-align: center;\">De <strong>Vigo<\/strong> au monde. <strong>Jorge Rub\u00edn<\/strong>, PDG et fondateur d<strong>&lsquo;I.C.O.N.<\/strong>, dirige depuis la Galice une des plus importantes entreprises cosm\u00e9tiques de la plan\u00e8te.<\/p>\n<p>[\/vc_column_text]<div class=\"dfd-spacer-module\"  data-units=\"px\" data-wide_resolution=\"1280\" data-wide_size=\"51\" data-normal_resolution=\"1024\" data-normal_size=\"51\" data-tablet_resolution=\"800\" data-tablet_size=\"51\" data-mobile_resolution=\"480\" data-mobile_size=\"51\" style=\"height: 51px;\"><\/div>[\/vc_column][\/vc_row][vc_row][vc_column width=\u00a0\u00bb1\/2&Prime; css=\u00a0\u00bb.vc_custom_1539168064893{padding-right: 2% !important;}\u00a0\u00bb][vc_single_image image=\u00a0\u00bb48511&Prime; img_size=\u00a0\u00bbfull\u00a0\u00bb alignment=\u00a0\u00bbcenter\u00a0\u00bb onclick=\u00a0\u00bblink_image\u00a0\u00bb]<div class=\"dfd-spacer-module\"  data-units=\"px\" data-wide_resolution=\"1280\" data-wide_size=\"51\" data-normal_resolution=\"1024\" data-normal_size=\"51\" data-tablet_resolution=\"800\" data-tablet_size=\"51\" data-mobile_resolution=\"480\" data-mobile_size=\"51\" style=\"height: 51px;\"><\/div>[\/vc_column][vc_column width=\u00a0\u00bb1\/2&Prime; css=\u00a0\u00bb.vc_custom_1539168069644{padding-left: 2% !important;}\u00a0\u00bb][vc_column_text]<\/p>\n<p style=\"text-align: justify;\">Il est possible que Jorge Rub\u00edn soit devenu un homme d&rsquo;affaires tr\u00e8s important qui vit entre les Etats-Unis et l&rsquo;Europe, mais il n&rsquo;a pas perdu son accent galicien.<\/p>\n<p style=\"text-align: justify;\">C&rsquo;est la cons\u00e9quence, nous pensons, du maintien d&rsquo;une entreprise multinationale avec deux si\u00e8ges sociaux : \u00e0 L.A., sa partenaire Chiara dirige la recherche, le d\u00e9veloppement et la fabrication de nouveaux produits, ainsi que les march\u00e9s am\u00e9ricain et australien ; et \u00e0 Vigo, o\u00f9 Jorge lui-m\u00eame dirige le d\u00e9veloppement commercial des coiffeurs, le marketing et l&rsquo;\u00e9ducation, en dehors des r\u00e9gions d&rsquo;Europe et d&rsquo;Asie.<\/p>\n<p style=\"text-align: justify;\"><em>\u00ab\u00a0Je pourrais vivre \u00e0 Madrid, mais je ne veux pas\u00a0\u00bb, dit cet homme d&rsquo;affaires dans une suite de l&rsquo;h\u00f4tel Puerta America \u00e0 Madrid, juste avant de commencer une conf\u00e9rence. \u00ab\u00a0J&rsquo;ai le QG \u00e0 Vigo parce que c&rsquo;est une belle ville, ma ville. Et parce qu&rsquo;\u00e0 Vigo, nous avons le port et nos produits arrivent par l&rsquo;oc\u00e9an. Aussi, parce que je veux cultiver ma terre, mon peuple, je suis galicien\u00a0\u00bb, dit-il fi\u00e8rement.<\/em><\/p>\n<p>[\/vc_column_text][\/vc_column][\/vc_row][vc_row][vc_column]<div class=\"dfd-spacer-module\"  data-units=\"px\" data-wide_resolution=\"1280\" data-wide_size=\"30\" data-normal_resolution=\"1024\" data-normal_size=\"30\" data-tablet_resolution=\"800\" data-tablet_size=\"30\" data-mobile_resolution=\"480\" data-mobile_size=\"30\" style=\"height: 30px;\"><\/div>[vc_column_text]<\/p>\n<p style=\"text-align: justify;\"><strong>Jorge aime \u00e0 dire qu&rsquo;il est arriv\u00e9 par hasard dans l&rsquo;industrie de la coiffure<\/strong><em>. \u00ab\u00a0Mon p\u00e8re avait un salon de coiffure et les gens qui travaillaient avec lui l&rsquo;ont laiss\u00e9 seul\u00a0\u00bb, alors il m&rsquo;a dit : \u00ab\u00a0Jorge, tu dois abandonner tes \u00e9tudes ou continuer tout en travaillant parce que tu dois aider\u00a0\u00bb. Dans une entreprise familiale, vous \u00eates toujours impliqu\u00e9 d&rsquo;une certaine mani\u00e8re. Si tes parents ont un caf\u00e9, tu finis par servir du caf\u00e9. Quand j&rsquo;ai commenc\u00e9, j&rsquo;ai r\u00e9alis\u00e9 qu&rsquo;il y avait un moyen, puis j&rsquo;ai commenc\u00e9 \u00e0 voyager, \u00e0 ouvrir des salons&#8230; Puis, j&rsquo;ai rencontr\u00e9 une entreprise am\u00e9ricaine de ce secteur, j&rsquo;ai commenc\u00e9 avec eux, j&rsquo;ai voyag\u00e9 aux Etats-Unis et j&rsquo;ai vu qu&rsquo;il y avait de nombreuses opportunit\u00e9s commerciales\u00a0\u00bb.<br \/>\n<\/em><\/p>\n<p style=\"text-align: justify;\"><strong>Finalement, Rub\u00edn d\u00e9cida de vendre son entreprise et, en 2002, avec sa partenaire Chiara, il commen\u00e7a l&rsquo;aventure commerciale I.C.O.N.<\/strong>\u00ab\u00a0. <em>Nous avons trouv\u00e9 le nom, parce que nous voulions \u00eatre une ic\u00f4ne, puis l&rsquo;acronyme. Entreprise internationale orient\u00e9e vers le r\u00e9seau. Parce que l&rsquo;id\u00e9e de l&rsquo;entreprise \u00e9tait de travailler par l&rsquo;interm\u00e9diaire de distributeurs, en tant que partenaires ind\u00e9pendants qui pourraient d\u00e9velopper l&rsquo;activit\u00e9 dans diff\u00e9rents pays\u00a0\u00bb.<\/em><\/p>\n<blockquote><p><strong>L&rsquo;ID\u00c9E DE L&rsquo;ENTREPRISE \u00c9TAIT DE TRAVAILLER PAR L&rsquo;INTERM\u00c9DIAIRE DE DISTRIBUTEURS, EN TANT QUE PARTENAIRES IND\u00c9PENDANTS QUI POURRAIENT D\u00c9VELOPPER L&rsquo;ACTIVIT\u00c9 DANS DIFF\u00c9RENTS PAYS.<\/strong><\/p><\/blockquote>\n<p style=\"text-align: justify;\">La philosophie d&rsquo;I.C.O.N.&rsquo;EDUCATION, EDUCATION, EDUCATION&rsquo; repose sur deux piliers. D&rsquo;une part, des produits de traitement et de coiffage \u00e9cologiques qui incorporent des ingr\u00e9dients \u00e0 la fine pointe de la technologie. D&rsquo;autre part, la formation continue des professionnels des salons de coiffure avec lesquels nous travaillons, ce qui est toujours fait exclusivement pour eux. \u00ab\u00a0Notre force, c&rsquo;est l&rsquo;\u00e9ducation\u00a0\u00bb, admet Rub\u00edn.<\/p>\n<p style=\"text-align: justify;\"><em>\u00ab\u00a0Le coiffeur a besoin de produits, car ce sont des outils liquides. Mais ce dont ils ont vraiment besoin, c&rsquo;est de formation. Vous \u00eates n\u00e9 coiffeur, mais si vous \u00eates bon, vous avez besoin de personnel, vous avez besoin de gens, et puis vous avez besoin d&rsquo;autres choses : comment diriger une \u00e9quipe, comment g\u00e9rer votre personnel, comment organiser le salon&#8230; C&rsquo;est-\u00e0-dire, comment passer d&rsquo;un salon qui g\u00e9n\u00e8re des services pour avoir une affaire de coiffure.\u00a0\u00bb<\/em><\/p>\n<p style=\"text-align: justify;\"><em>\u00ab\u00a0Avant, la coiffure ne faisait que couper les cheveux, comme les dentistes tirent les dents, dit Rub\u00edn, mais aujourd&rsquo;hui, les salons de beaut\u00e9 sont l&rsquo;endroit o\u00f9 les gens vont pour prendre soin de leurs cheveux. C&rsquo;est l\u00e0 que nous entrons en jeu. Et puis il y a le commerce de d\u00e9tail : \u00ab\u00a0En fait, aujourd&rsquo;hui, les coiffeurs sont dans la salle de bain du client. Nous cr\u00e9ons des produits pour les clients qui sont vendus dans les salons de coiffure, et nous devons bien \u00e9duquer et bien choisir les salons de coiffure afin qu&rsquo;ils puissent recommander nos produits\u00a0\u00bb.<\/em><\/p>\n<blockquote><p><strong>NOUS CR\u00c9ONS DES PRODUITS POUR LES CLIENTS QUI SONT VENDUS DANS LES SALONS DE COIFFURE, ET NOUS DEVONS BIEN \u00c9DUQUER ET BIEN CHOISIR LES SALONS DE COIFFURE AFIN QU&rsquo;ILS PUISSENT RECOMMANDER NOS PRODUITS.<\/strong><\/p><\/blockquote>\n<p style=\"text-align: justify;\">Entre les diff\u00e9rentes lignes de produits I.C.O.N., il y en a une masculine, Monsieur A, en hommage \u00e0 Monsieur Alfredo, le p\u00e8re de Rub\u00edn. <em>\u00ab\u00a0Mon p\u00e8re \u00e9tait coiffeur. Il a commenc\u00e9 dans un salon de coiffure, et c&rsquo;est devenu un salon, puis dans un salon de coiffure mixte, il a s\u00e9par\u00e9 les hommes des femmes et les hommes \u00e0 gauche. Ceux qui voulaient faire refaire leur style ne sont pas all\u00e9s chez le coiffeur, parce que c&rsquo;\u00e9tait une coupe de barbier\u00a0\u00bb dit Jorge, il mentionne l&rsquo;\u00e9ducation comme un outil pour ne pas faire les m\u00eames erreurs que son p\u00e8re. \u00ab\u00a0Par exemple, je pense que la majorit\u00e9 des salons de coiffure n&rsquo;ont pas profit\u00e9 du dernier boom. Au lieu de donner de la valeur \u00e0 leur travail, ils continuent \u00e0 le faire payer 8 euros. Le monde leur donne une autre chance et la plupart d&rsquo;entre eux sont rest\u00e9s tels qu&rsquo;ils sont, ne faisant que couper les cheveux\u00a0\u00bb. En fin de compte, nous devons professionnaliser notre m\u00e9tier. \u00ab\u00a0C&rsquo;est mon travail, mon entreprise, ma vie\u00a0\u00bb.<\/em><\/p>\n<p><em>\u00ab\u00a0Avant, la coiffure ne faisait que couper les cheveux, comme les dentistes tirent les dents, dit Rub\u00edn, mais aujourd&rsquo;hui, ce sont des salons de beaut\u00e9 o\u00f9 les gens vont pour prendre soin de leurs cheveux.<\/em><\/p>\n<blockquote><p><strong>EN FIN DE COMPTE, NOUS DEVONS PROFESSIONNALISER NOTRE M\u00c9TIER. \u00ab\u00a0C&rsquo;EST MON TRAVAIL, MA SOCI\u00c9T\u00c9, MA VIE\u00a0\u00bb.<\/strong><\/p><\/blockquote>\n<p>[\/vc_column_text][\/vc_column][\/vc_row][vc_row][vc_column]<div class=\"dfd-spacer-module\"  data-units=\"px\" data-wide_resolution=\"1280\" data-wide_size=\"51\" data-normal_resolution=\"1024\" data-normal_size=\"51\" data-tablet_resolution=\"800\" data-tablet_size=\"51\" data-mobile_resolution=\"480\" data-mobile_size=\"51\" style=\"height: 51px;\"><\/div>[\/vc_column][\/vc_row][vc_row][vc_column]<div id=\"dfd-button-69f0f83b2be38\" class=\"dfd-button-module-wrap dfd-button-69f0f83b2be38\"><div class=\"dfd-button-module  style_3 dfd-button-full-width text-center dfd-horizontal dfd-top-to-bottom dfd-button-icon-left dfd-button-icon-hover-simple\" ><a href=\"https:\/\/iconproducts.com\/fr\/lentreprise\/entrevistas-a-jorge-rubin\/\"title=\"Retour\" class=\"dfd-button-link\"><span class=\"dfd-button-inner-cover\"><span class=\"dfd-button-text-main\"><i class=\"dfd-icon-right_6\"><\/i>Retour<\/span><\/span><\/a><\/div><script type=\"text\/javascript\">\n\t\t\t\t\t\t\t\t\t(function($) {$(\"head\").append(\"<style>#dfd-button-69f0f83b2be38.dfd-button-module-wrap .dfd-button-module .dfd-button-link .dfd-button-inner-cover span i, .dfd-button-69f0f83b2be38.dfd-button-module-wrap .dfd-button-module .dfd-button-link .dfd-button-inner-cover span i {font-size: 18px;}#dfd-button-69f0f83b2be38.dfd-button-module-wrap .dfd-button-module .dfd-button-link .dfd-button-inner-cover .dfd-button-text-main,.dfd-button-69f0f83b2be38.dfd-button-module-wrap .dfd-button-module .dfd-button-link .dfd-button-inner-cover .dfd-button-text-main {color: #ffffff}#dfd-button-69f0f83b2be38.dfd-button-module-wrap .dfd-button-module .dfd-button-link .dfd-button-inner-cover,.dfd-button-69f0f83b2be38.dfd-button-module-wrap .dfd-button-module .dfd-button-link .dfd-button-border-decoration,.dfd-button-69f0f83b2be38.dfd-button-module-wrap .dfd-button-module .dfd-button-link .dfd-button-inner-cover {border-radius:2px;}#dfd-button-69f0f83b2be38.dfd-button-module-wrap .dfd-button-module:not(.style_4) .dfd-button-link .dfd-button-inner-cover:before,#dfd-button-69f0f83b2be38.dfd-button-module-wrap .dfd-button-module.style_4 .dfd-button-link .dfd-button-inner-cover:after,#dfd-button-69f0f83b2be38.dfd-button-module-wrap .dfd-button-module.style_6 .dfd-button-link .dfd-button-inner-cover .dfd-button-text-main,.dfd-button-69f0f83b2be38.dfd-button-module-wrap .dfd-button-module:not(.style_4) .dfd-button-link .dfd-button-inner-cover:before,.dfd-button-69f0f83b2be38.dfd-button-module-wrap .dfd-button-module.style_4 .dfd-button-link .dfd-button-inner-cover:after,.dfd-button-69f0f83b2be38.dfd-button-module-wrap .dfd-button-module.style_6 .dfd-button-link .dfd-button-inner-cover .dfd-button-text-main {background: #1b1b1b;border-style:none;border-width:1px;border-radius:2px;border-color:#1b1b1b;}#dfd-button-69f0f83b2be38.dfd-button-module-wrap .dfd-button-module:not(.style_6) .dfd-button-link:hover .dfd-button-inner-cover .dfd-button-text-main,#dfd-button-69f0f83b2be38.dfd-button-module-wrap .dfd-button-module .dfd-button-link .dfd-button-inner-cover .dfd-button-text-hover,.dfd-button-69f0f83b2be38.dfd-button-module-wrap .dfd-button-module:not(.style_6) .dfd-button-link:hover .dfd-button-inner-cover .dfd-button-text-main,.dfd-button-69f0f83b2be38.dfd-button-module-wrap .dfd-button-module .dfd-button-link .dfd-button-inner-cover .dfd-button-text-hover {color: #000000;}#dfd-button-69f0f83b2be38.dfd-button-module-wrap .dfd-button-module .dfd-button-link:hover .dfd-button-inner-cover,.dfd-button-69f0f83b2be38.dfd-button-module-wrap .dfd-button-module .dfd-button-link:hover .dfd-button-border-decoration,.dfd-button-69f0f83b2be38.dfd-button-module-wrap .dfd-button-module .dfd-button-link:hover .dfd-button-inner-cover {border-radius:2px;}#dfd-button-69f0f83b2be38.dfd-button-module-wrap .dfd-button-module:not(.style_4) .dfd-button-link .dfd-button-inner-cover:after,#dfd-button-69f0f83b2be38.dfd-button-module-wrap .dfd-button-module.style_4 .dfd-button-link .dfd-button-inner-cover:before,#dfd-button-69f0f83b2be38.dfd-button-module-wrap .dfd-button-module .dfd-button-link .dfd-button-inner-cover .dfd-button-text-hover .dfd-button-69f0f83b2be38.dfd-button-module-wrap .dfd-button-module:not(.style_4) .dfd-button-link .dfd-button-inner-cover:after,.dfd-button-69f0f83b2be38.dfd-button-module-wrap .dfd-button-module.style_4 .dfd-button-link .dfd-button-inner-cover:before,.dfd-button-69f0f83b2be38.dfd-button-module-wrap .dfd-button-module .dfd-button-link .dfd-button-inner-cover .dfd-button-text-hover {background: #ffffff;border-style:solid;border-width:1px;border-radius:2px;border-color:#000000;}#dfd-button-69f0f83b2be38.dfd-button-module-wrap .dfd-button-module.style_3 .dfd-button-link:hover .dfd-button-inner-cover:before,#dfd-button-69f0f83b2be38.dfd-button-module-wrap .dfd-button-module.style_4 .dfd-button-link:hover .dfd-button-inner-cover:before,.dfd-button-69f0f83b2be38.dfd-button-module-wrap .dfd-button-module.style_3 .dfd-button-link:hover .dfd-button-inner-cover:before,.dfd-button-69f0f83b2be38.dfd-button-module-wrap .dfd-button-module.style_4 .dfd-button-link:hover .dfd-button-inner-cover:before {border-style:solid;border-width:1px;border-radius:2px;border-color:#000000;}#dfd-button-69f0f83b2be38.dfd-button-module-wrap .dfd-button-module .dfd-button-link .dfd-button-inner-cover .dfd-button-text-main i,.dfd-button-69f0f83b2be38.dfd-button-module-wrap .dfd-button-module .dfd-button-link .dfd-button-inner-cover .dfd-button-text-main i {color: #ffffff;}#dfd-button-69f0f83b2be38.dfd-button-module-wrap .dfd-button-module .dfd-button-link:hover .dfd-button-inner-cover .dfd-button-text-main i,.dfd-button-69f0f83b2be38.dfd-button-module-wrap .dfd-button-module .dfd-button-link:hover .dfd-button-inner-cover .dfd-button-text-main i {color: #3b55e6;}<\/style>\")\n\t\t\t\t\t\t\t\t\t})(jQuery);\n\t\t\t\t\t\t\t\t<\/script><\/div><div class=\"dfd-spacer-module\"  data-units=\"px\" data-wide_resolution=\"1280\" data-wide_size=\"51\" data-normal_resolution=\"1024\" data-normal_size=\"51\" data-tablet_resolution=\"800\" data-tablet_size=\"51\" data-mobile_resolution=\"480\" data-mobile_size=\"51\" style=\"height: 51px;\"><\/div><div class=\"dfd-spacer-module\"  data-units=\"px\" data-wide_resolution=\"1280\" data-wide_size=\"51\" data-normal_resolution=\"1024\" data-normal_size=\"51\" data-tablet_resolution=\"800\" data-tablet_size=\"51\" data-mobile_resolution=\"480\" data-mobile_size=\"51\" style=\"height: 51px;\"><\/div>[\/vc_column][\/vc_row]<\/p>\n","protected":false},"excerpt":{"rendered":"<p>[vc_row][vc_column][vc_column_text] De Vigo au monde. Jorge Rub\u00edn, PDG et fondateur d&lsquo;I.C.O.N., dirige depuis la Galice une des plus importantes entreprises cosm\u00e9tiques de la plan\u00e8te. [\/vc_column_text][\/vc_column][\/vc_row][vc_row][vc_column width=\u00a0\u00bb1\/2&Prime; css=\u00a0\u00bb.vc_custom_1539168064893{padding-right: 2% !important;}\u00a0\u00bb][vc_single_image image=\u00a0\u00bb48511&Prime;<\/p>\n","protected":false},"author":1,"featured_media":48511,"parent":0,"menu_order":0,"comment_status":"closed","ping_status":"closed","template":"","meta":{"_acf_changed":false,"footnotes":""},"tags":[],"wf_page_folders":[],"class_list":["post-48611","page","type-page","status-publish","has-post-thumbnail","hentry"],"acf":[],"yoast_head":"<!-- This site is optimized with the Yoast SEO plugin v27.0 - https:\/\/yoast.com\/product\/yoast-seo-wordpress\/ -->\n<title>GQ s&#039;entretient avec Jorge Rub\u00edn | I.C.O.N. Products<\/title>\n<meta name=\"robots\" content=\"index, follow, max-snippet:-1, max-image-preview:large, max-video-preview:-1\" \/>\n<link rel=\"canonical\" href=\"https:\/\/iconproducts.com\/fr\/gq-interviews-jorge-rubin\/\" \/>\n<meta property=\"og:locale\" content=\"fr_FR\" \/>\n<meta property=\"og:type\" content=\"article\" \/>\n<meta property=\"og:title\" content=\"GQ s&#039;entretient avec Jorge Rub\u00edn | I.C.O.N. Products\" \/>\n<meta property=\"og:description\" content=\"[vc_row][vc_column][vc_column_text] De Vigo au monde. Jorge Rub\u00edn, PDG et fondateur d&lsquo;I.C.O.N., dirige depuis la Galice une des plus importantes entreprises cosm\u00e9tiques de la plan\u00e8te. [\/vc_column_text][\/vc_column][\/vc_row][vc_row][vc_column width=\u00a0\u00bb1\/2&Prime; css=\u00a0\u00bb.vc_custom_1539168064893{padding-right: 2% !important;}\u00a0\u00bb][vc_single_image image=\u00a0\u00bb48511&Prime;\" \/>\n<meta property=\"og:url\" content=\"https:\/\/iconproducts.com\/fr\/gq-interviews-jorge-rubin\/\" \/>\n<meta property=\"og:site_name\" content=\"I.C.O.N. Products\" \/>\n<meta property=\"article:publisher\" content=\"https:\/\/www.facebook.com\/iconproducts.spain\" \/>\n<meta property=\"article:modified_time\" content=\"2020-01-30T16:44:24+00:00\" \/>\n<meta property=\"og:image\" content=\"https:\/\/iconproducts.com\/wp-content\/uploads\/2019\/09\/icon-products-gq-entrevista-jorge-rubin.jpg\" \/>\n\t<meta property=\"og:image:width\" content=\"1920\" \/>\n\t<meta property=\"og:image:height\" content=\"1080\" \/>\n\t<meta property=\"og:image:type\" content=\"image\/jpeg\" \/>\n<meta name=\"twitter:card\" content=\"summary_large_image\" \/>\n<script type=\"application\/ld+json\" class=\"yoast-schema-graph\">{\"@context\":\"https:\/\/schema.org\",\"@graph\":[{\"@type\":\"WebPage\",\"@id\":\"https:\/\/iconproducts.com\/fr\/gq-interviews-jorge-rubin\/\",\"url\":\"https:\/\/iconproducts.com\/fr\/gq-interviews-jorge-rubin\/\",\"name\":\"GQ s'entretient avec Jorge Rub\u00edn | I.C.O.N. Products\",\"isPartOf\":{\"@id\":\"https:\/\/iconproducts.com\/es\/#website\"},\"primaryImageOfPage\":{\"@id\":\"https:\/\/iconproducts.com\/fr\/gq-interviews-jorge-rubin\/#primaryimage\"},\"image\":{\"@id\":\"https:\/\/iconproducts.com\/fr\/gq-interviews-jorge-rubin\/#primaryimage\"},\"thumbnailUrl\":\"https:\/\/iconproducts.com\/wp-content\/uploads\/2019\/09\/icon-products-gq-entrevista-jorge-rubin.jpg\",\"datePublished\":\"2019-09-26T10:29:27+00:00\",\"dateModified\":\"2020-01-30T16:44:24+00:00\",\"breadcrumb\":{\"@id\":\"https:\/\/iconproducts.com\/fr\/gq-interviews-jorge-rubin\/#breadcrumb\"},\"inLanguage\":\"fr-FR\",\"potentialAction\":[{\"@type\":\"ReadAction\",\"target\":[\"https:\/\/iconproducts.com\/fr\/gq-interviews-jorge-rubin\/\"]}]},{\"@type\":\"ImageObject\",\"inLanguage\":\"fr-FR\",\"@id\":\"https:\/\/iconproducts.com\/fr\/gq-interviews-jorge-rubin\/#primaryimage\",\"url\":\"https:\/\/iconproducts.com\/wp-content\/uploads\/2019\/09\/icon-products-gq-entrevista-jorge-rubin.jpg\",\"contentUrl\":\"https:\/\/iconproducts.com\/wp-content\/uploads\/2019\/09\/icon-products-gq-entrevista-jorge-rubin.jpg\",\"width\":1920,\"height\":1080},{\"@type\":\"BreadcrumbList\",\"@id\":\"https:\/\/iconproducts.com\/fr\/gq-interviews-jorge-rubin\/#breadcrumb\",\"itemListElement\":[{\"@type\":\"ListItem\",\"position\":1,\"name\":\"I.C.O.N. Products\",\"item\":\"https:\/\/iconproducts.com\/fr\/\"},{\"@type\":\"ListItem\",\"position\":2,\"name\":\"GQ s&rsquo;entretient avec Jorge Rub\u00edn\"}]},{\"@type\":\"WebSite\",\"@id\":\"https:\/\/iconproducts.com\/es\/#website\",\"url\":\"https:\/\/iconproducts.com\/es\/\",\"name\":\"I.C.O.N. Products\",\"description\":\"Productos de peluquer\u00eda\",\"publisher\":{\"@id\":\"https:\/\/iconproducts.com\/es\/#organization\"},\"potentialAction\":[{\"@type\":\"SearchAction\",\"target\":{\"@type\":\"EntryPoint\",\"urlTemplate\":\"https:\/\/iconproducts.com\/es\/?s={search_term_string}\"},\"query-input\":{\"@type\":\"PropertyValueSpecification\",\"valueRequired\":true,\"valueName\":\"search_term_string\"}}],\"inLanguage\":\"fr-FR\"},{\"@type\":\"Organization\",\"@id\":\"https:\/\/iconproducts.com\/es\/#organization\",\"name\":\"I.C.O.N. Products\",\"url\":\"https:\/\/iconproducts.com\/es\/\",\"logo\":{\"@type\":\"ImageObject\",\"inLanguage\":\"fr-FR\",\"@id\":\"https:\/\/iconproducts.com\/es\/#\/schema\/logo\/image\/\",\"url\":\"https:\/\/iconproducts.com\/wp-content\/uploads\/2018\/08\/logo-icon-1.jpg\",\"contentUrl\":\"https:\/\/iconproducts.com\/wp-content\/uploads\/2018\/08\/logo-icon-1.jpg\",\"width\":1000,\"height\":1000,\"caption\":\"I.C.O.N. Products\"},\"image\":{\"@id\":\"https:\/\/iconproducts.com\/es\/#\/schema\/logo\/image\/\"},\"sameAs\":[\"https:\/\/www.facebook.com\/iconproducts.spain\",\"https:\/\/www.instagram.com\/iconspain\/\",\"https:\/\/www.youtube.com\/channel\/UCw0myea3fiZRsj72sNBnMqQ\"]}]}<\/script>\n<!-- \/ Yoast SEO plugin. -->","yoast_head_json":{"title":"GQ s'entretient avec Jorge Rub\u00edn | I.C.O.N. Products","robots":{"index":"index","follow":"follow","max-snippet":"max-snippet:-1","max-image-preview":"max-image-preview:large","max-video-preview":"max-video-preview:-1"},"canonical":"https:\/\/iconproducts.com\/fr\/gq-interviews-jorge-rubin\/","og_locale":"fr_FR","og_type":"article","og_title":"GQ s'entretient avec Jorge Rub\u00edn | I.C.O.N. Products","og_description":"[vc_row][vc_column][vc_column_text] De Vigo au monde. Jorge Rub\u00edn, PDG et fondateur d&lsquo;I.C.O.N., dirige depuis la Galice une des plus importantes entreprises cosm\u00e9tiques de la plan\u00e8te. [\/vc_column_text][\/vc_column][\/vc_row][vc_row][vc_column width=\u00a0\u00bb1\/2&Prime; css=\u00a0\u00bb.vc_custom_1539168064893{padding-right: 2% !important;}\u00a0\u00bb][vc_single_image image=\u00a0\u00bb48511&Prime;","og_url":"https:\/\/iconproducts.com\/fr\/gq-interviews-jorge-rubin\/","og_site_name":"I.C.O.N. Products","article_publisher":"https:\/\/www.facebook.com\/iconproducts.spain","article_modified_time":"2020-01-30T16:44:24+00:00","og_image":[{"width":1920,"height":1080,"url":"https:\/\/iconproducts.com\/wp-content\/uploads\/2019\/09\/icon-products-gq-entrevista-jorge-rubin.jpg","type":"image\/jpeg"}],"twitter_card":"summary_large_image","schema":{"@context":"https:\/\/schema.org","@graph":[{"@type":"WebPage","@id":"https:\/\/iconproducts.com\/fr\/gq-interviews-jorge-rubin\/","url":"https:\/\/iconproducts.com\/fr\/gq-interviews-jorge-rubin\/","name":"GQ s'entretient avec Jorge Rub\u00edn | I.C.O.N. Products","isPartOf":{"@id":"https:\/\/iconproducts.com\/es\/#website"},"primaryImageOfPage":{"@id":"https:\/\/iconproducts.com\/fr\/gq-interviews-jorge-rubin\/#primaryimage"},"image":{"@id":"https:\/\/iconproducts.com\/fr\/gq-interviews-jorge-rubin\/#primaryimage"},"thumbnailUrl":"https:\/\/iconproducts.com\/wp-content\/uploads\/2019\/09\/icon-products-gq-entrevista-jorge-rubin.jpg","datePublished":"2019-09-26T10:29:27+00:00","dateModified":"2020-01-30T16:44:24+00:00","breadcrumb":{"@id":"https:\/\/iconproducts.com\/fr\/gq-interviews-jorge-rubin\/#breadcrumb"},"inLanguage":"fr-FR","potentialAction":[{"@type":"ReadAction","target":["https:\/\/iconproducts.com\/fr\/gq-interviews-jorge-rubin\/"]}]},{"@type":"ImageObject","inLanguage":"fr-FR","@id":"https:\/\/iconproducts.com\/fr\/gq-interviews-jorge-rubin\/#primaryimage","url":"https:\/\/iconproducts.com\/wp-content\/uploads\/2019\/09\/icon-products-gq-entrevista-jorge-rubin.jpg","contentUrl":"https:\/\/iconproducts.com\/wp-content\/uploads\/2019\/09\/icon-products-gq-entrevista-jorge-rubin.jpg","width":1920,"height":1080},{"@type":"BreadcrumbList","@id":"https:\/\/iconproducts.com\/fr\/gq-interviews-jorge-rubin\/#breadcrumb","itemListElement":[{"@type":"ListItem","position":1,"name":"I.C.O.N. Products","item":"https:\/\/iconproducts.com\/fr\/"},{"@type":"ListItem","position":2,"name":"GQ s&rsquo;entretient avec Jorge Rub\u00edn"}]},{"@type":"WebSite","@id":"https:\/\/iconproducts.com\/es\/#website","url":"https:\/\/iconproducts.com\/es\/","name":"I.C.O.N. Products","description":"Productos de peluquer\u00eda","publisher":{"@id":"https:\/\/iconproducts.com\/es\/#organization"},"potentialAction":[{"@type":"SearchAction","target":{"@type":"EntryPoint","urlTemplate":"https:\/\/iconproducts.com\/es\/?s={search_term_string}"},"query-input":{"@type":"PropertyValueSpecification","valueRequired":true,"valueName":"search_term_string"}}],"inLanguage":"fr-FR"},{"@type":"Organization","@id":"https:\/\/iconproducts.com\/es\/#organization","name":"I.C.O.N. Products","url":"https:\/\/iconproducts.com\/es\/","logo":{"@type":"ImageObject","inLanguage":"fr-FR","@id":"https:\/\/iconproducts.com\/es\/#\/schema\/logo\/image\/","url":"https:\/\/iconproducts.com\/wp-content\/uploads\/2018\/08\/logo-icon-1.jpg","contentUrl":"https:\/\/iconproducts.com\/wp-content\/uploads\/2018\/08\/logo-icon-1.jpg","width":1000,"height":1000,"caption":"I.C.O.N. Products"},"image":{"@id":"https:\/\/iconproducts.com\/es\/#\/schema\/logo\/image\/"},"sameAs":["https:\/\/www.facebook.com\/iconproducts.spain","https:\/\/www.instagram.com\/iconspain\/","https:\/\/www.youtube.com\/channel\/UCw0myea3fiZRsj72sNBnMqQ"]}]}},"_links":{"self":[{"href":"https:\/\/iconproducts.com\/fr\/wp-json\/wp\/v2\/pages\/48611","targetHints":{"allow":["GET"]}}],"collection":[{"href":"https:\/\/iconproducts.com\/fr\/wp-json\/wp\/v2\/pages"}],"about":[{"href":"https:\/\/iconproducts.com\/fr\/wp-json\/wp\/v2\/types\/page"}],"author":[{"embeddable":true,"href":"https:\/\/iconproducts.com\/fr\/wp-json\/wp\/v2\/users\/1"}],"replies":[{"embeddable":true,"href":"https:\/\/iconproducts.com\/fr\/wp-json\/wp\/v2\/comments?post=48611"}],"version-history":[{"count":0,"href":"https:\/\/iconproducts.com\/fr\/wp-json\/wp\/v2\/pages\/48611\/revisions"}],"wp:featuredmedia":[{"embeddable":true,"href":"https:\/\/iconproducts.com\/fr\/wp-json\/wp\/v2\/media\/48511"}],"wp:attachment":[{"href":"https:\/\/iconproducts.com\/fr\/wp-json\/wp\/v2\/media?parent=48611"}],"wp:term":[{"taxonomy":"post_tag","embeddable":true,"href":"https:\/\/iconproducts.com\/fr\/wp-json\/wp\/v2\/tags?post=48611"},{"taxonomy":"wf_page_folders","embeddable":true,"href":"https:\/\/iconproducts.com\/fr\/wp-json\/wp\/v2\/wf_page_folders?post=48611"}],"curies":[{"name":"wp","href":"https:\/\/api.w.org\/{rel}","templated":true}]}}